{"id":978,"date":"2022-01-09T17:50:58","date_gmt":"2022-01-09T16:50:58","guid":{"rendered":"https:\/\/associationfamiliale.fr\/afib\/?page_id=978"},"modified":"2023-01-24T09:49:22","modified_gmt":"2023-01-24T08:49:22","slug":"activites","status":"publish","type":"page","link":"https:\/\/afib-bvs.fr\/index.php\/activites\/","title":{"rendered":"Activit\u00e9s"},"content":{"rendered":"\n<div class=\"wp-block-cover alignwide\" data-block-type=\"core\"><span aria-hidden=\"true\" class=\"wp-block-cover__background has-background-dim-0 has-background-dim\"><\/span><img loading=\"lazy\" decoding=\"async\" width=\"2560\" height=\"1920\" class=\"wp-block-cover__image-background wp-image-1535\" alt=\"\" src=\"https:\/\/associationfamiliale.fr\/afib\/wp-content\/uploads\/2022\/03\/braderie-scaled.jpg\" data-object-fit=\"cover\" srcset=\"https:\/\/afib-bvs.fr\/afib\/wp-content\/uploads\/2022\/03\/braderie-scaled.jpg 2560w, https:\/\/afib-bvs.fr\/afib\/wp-content\/uploads\/2022\/03\/braderie-300x225.jpg 300w, https:\/\/afib-bvs.fr\/afib\/wp-content\/uploads\/2022\/03\/braderie-1024x768.jpg 1024w, https:\/\/afib-bvs.fr\/afib\/wp-content\/uploads\/2022\/03\/braderie-768x576.jpg 768w, https:\/\/afib-bvs.fr\/afib\/wp-content\/uploads\/2022\/03\/braderie-1536x1152.jpg 1536w, https:\/\/afib-bvs.fr\/afib\/wp-content\/uploads\/2022\/03\/braderie-2048x1536.jpg 2048w\" sizes=\"auto, (max-width: 2560px) 100vw, 2560px\" \/><div class=\"wp-block-cover__inner-container is-layout-flow wp-block-cover-is-layout-flow\">\n<div class=\"wp-block-stackable-heading stk-block-heading stk-block stk-72bea00\" data-block-id=\"72bea00\"><style>.stk-72bea00 .stk-block-heading__text{color:#f8f8f8 !important}<\/style><h1 class=\"stk-block-heading__text has-text-color\"> Nos activit\u00e9s et actions<\/h1><\/div>\n<\/div><\/div>\n\n\n\n<div class=\"wp-block-group alignfull has-text-color is-layout-flow wp-block-group-is-layout-flow\" style=\"color:#4f51a3\" data-block-type=\"core\">\n<div class=\"wp-block-columns alignwide are-vertically-aligned-top is-layout-flex wp-container-core-columns-is-layout-28f84493 wp-block-columns-is-layout-flex\" data-block-type=\"core\">\n<div class=\"wp-block-column is-vertically-aligned-top is-layout-flow wp-block-column-is-layout-flow\" data-block-type=\"core\"><\/div>\n\n\n\n<div class=\"wp-block-column is-vertically-aligned-top is-layout-flow wp-block-column-is-layout-flow\" data-block-type=\"core\"><\/div>\n<\/div>\n\n\n\n<div class=\"wp-block-columns alignwide is-layout-flex wp-container-core-columns-is-layout-28f84493 wp-block-columns-is-layout-flex\" data-block-type=\"core\">\n<div class=\"wp-block-column is-vertically-aligned-top is-layout-flow wp-block-column-is-layout-flow\" data-block-type=\"core\">\n<h3 class=\"has-text-align-left wp-block-heading\" id=\"cours-de-langue\">Fran\u00e7ais<\/h3>\n\n\n\n<p class=\"has-text-align-left\" data-block-type=\"core\">Alphab\u00e9tisation, remise \u00e0 niveau, Fran\u00e7ais langue \u00e9trang\u00e8re (FLE).<\/p>\n\n\n\n<p data-block-type=\"core\"> <span style=\"color: #f1f1f4;\" class=\"stk-highlight\"> <span style=\"color: #f1f1f4;\" class=\"stk-highlight\"><a href=\"https:\/\/associationfamiliale.fr\/index.php\/formation\/\">En savoir +<\/a><\/span><span style=\"color: #f1f1f4;\" class=\"stk-highlight\"><\/span><\/span><strong><span style=\"color: #f1f1f4;\" class=\"stk-highlight\"> <\/span> <\/strong><\/p>\n<\/div>\n\n\n\n<div class=\"wp-block-column is-vertically-aligned-top is-layout-flow wp-block-column-is-layout-flow\" data-block-type=\"core\">\n<figure class=\"wp-block-image alignfull size-large\" data-block-type=\"core\"><a href=\"https:\/\/associationfamiliale.fr\/index.php\/formation\/\"><img loading=\"lazy\" decoding=\"async\" width=\"1024\" height=\"809\" src=\"https:\/\/associationfamiliale.fr\/afib\/wp-content\/uploads\/2022\/01\/formation-e1645033997853-1024x809.jpg\" alt=\"\" class=\"wp-image-1141\" srcset=\"https:\/\/afib-bvs.fr\/afib\/wp-content\/uploads\/2022\/01\/formation-e1645033997853-1024x809.jpg 1024w, https:\/\/afib-bvs.fr\/afib\/wp-content\/uploads\/2022\/01\/formation-e1645033997853-300x237.jpg 300w, https:\/\/afib-bvs.fr\/afib\/wp-content\/uploads\/2022\/01\/formation-e1645033997853-768x607.jpg 768w, https:\/\/afib-bvs.fr\/afib\/wp-content\/uploads\/2022\/01\/formation-e1645033997853.jpg 1435w\" sizes=\"auto, (max-width: 1024px) 100vw, 1024px\" \/><\/a><\/figure>\n<\/div>\n\n\n\n<div class=\"wp-block-column is-vertically-aligned-top is-layout-flow wp-block-column-is-layout-flow\" data-block-type=\"core\">\n<figure class=\"wp-block-image alignfull size-large\" data-block-type=\"core\"><a href=\"https:\/\/associationfamiliale.fr\/index.php\/services-aux-familles\/\"><img loading=\"lazy\" decoding=\"async\" width=\"1024\" height=\"768\" src=\"https:\/\/associationfamiliale.fr\/afib\/wp-content\/uploads\/2022\/01\/20220119_153636-1024x768.jpg\" alt=\"\" class=\"wp-image-1197\" srcset=\"https:\/\/afib-bvs.fr\/afib\/wp-content\/uploads\/2022\/01\/20220119_153636-1024x768.jpg 1024w, https:\/\/afib-bvs.fr\/afib\/wp-content\/uploads\/2022\/01\/20220119_153636-300x225.jpg 300w, https:\/\/afib-bvs.fr\/afib\/wp-content\/uploads\/2022\/01\/20220119_153636-768x576.jpg 768w, https:\/\/afib-bvs.fr\/afib\/wp-content\/uploads\/2022\/01\/20220119_153636-1536x1152.jpg 1536w, https:\/\/afib-bvs.fr\/afib\/wp-content\/uploads\/2022\/01\/20220119_153636-2048x1536.jpg 2048w\" sizes=\"auto, (max-width: 1024px) 100vw, 1024px\" \/><\/a><\/figure>\n<\/div>\n\n\n\n<div class=\"wp-block-column is-vertically-aligned-center is-layout-flow wp-block-column-is-layout-flow\" data-block-type=\"core\">\n<h3 class=\"has-text-align-left wp-block-heading\" id=\"les-services-aux-familles\">Services aux familles<\/h3>\n\n\n\n<p class=\"has-text-align-left\" data-block-type=\"core\">D\u00e9couvrez nos nombreux services et  activit\u00e9s qui facilitent  la vie courante et favorisent le lien social.<\/p>\n\n\n\n<p class=\"has-text-align-left\" data-block-type=\"core\"> <a href=\"https:\/\/associationfamiliale.fr\/index.php\/services-aux-familles\/\">En savoir +<\/a><br><br> <span style=\"color: #f1f1f4;\" class=\"stk-highlight\">Le d\u00e9tail&#8230;<\/span> <\/p>\n<\/div>\n<\/div>\n\n\n\n<div class=\"wp-block-columns alignwide is-layout-flex wp-container-core-columns-is-layout-28f84493 wp-block-columns-is-layout-flex\" data-block-type=\"core\">\n<div class=\"wp-block-column is-vertically-aligned-top is-layout-flow wp-block-column-is-layout-flow\" data-block-type=\"core\">\n<h3 class=\"has-text-align-left wp-block-heading\" id=\"usage-du-numerique\">Usage du num\u00e9rique<\/h3>\n\n\n\n<p class=\"has-text-align-left\" data-block-type=\"core\">Formation aux bases du num\u00e9rique et accompagnement aux d\u00e9marches en ligne.<\/p>\n\n\n\n<p data-block-type=\"core\"><a href=\"https:\/\/associationfamiliale.fr\/index.php\/usage-du-numerique\/\">En savoir +<\/a><\/p>\n\n\n\n<p data-block-type=\"core\"><span style=\"color: #f1f1f4;\" class=\"stk-highlight\">Le d\u00e9tail&#8230;<\/span><\/p>\n<\/div>\n\n\n\n<div class=\"wp-block-column is-vertically-aligned-top is-layout-flow wp-block-column-is-layout-flow\" data-block-type=\"core\">\n<figure class=\"wp-block-image alignfull size-large\" data-block-type=\"core\"><a href=\"https:\/\/associationfamiliale.fr\/index.php\/usage-du-numerique\/\"><img loading=\"lazy\" decoding=\"async\" width=\"1024\" height=\"768\" src=\"http:\/\/associationfamiliale.fr\/afib\/wp-content\/uploads\/2022\/01\/num1-1024x768.jpg\" alt=\"\" class=\"wp-image-958\" srcset=\"https:\/\/afib-bvs.fr\/afib\/wp-content\/uploads\/2022\/01\/num1-1024x768.jpg 1024w, https:\/\/afib-bvs.fr\/afib\/wp-content\/uploads\/2022\/01\/num1-300x225.jpg 300w, https:\/\/afib-bvs.fr\/afib\/wp-content\/uploads\/2022\/01\/num1-768x576.jpg 768w, https:\/\/afib-bvs.fr\/afib\/wp-content\/uploads\/2022\/01\/num1-1536x1152.jpg 1536w, https:\/\/afib-bvs.fr\/afib\/wp-content\/uploads\/2022\/01\/num1-2048x1536.jpg 2048w\" sizes=\"auto, (max-width: 1024px) 100vw, 1024px\" \/><\/a><\/figure>\n<\/div>\n\n\n\n<div class=\"wp-block-column is-vertically-aligned-top is-layout-flow wp-block-column-is-layout-flow\" data-block-type=\"core\">\n<figure class=\"wp-block-image alignfull size-full\" data-block-type=\"core\"><a href=\"https:\/\/associationfamiliale.fr\/index.php\/accompagnement-rsa-mediation\/\"><img loading=\"lazy\" decoding=\"async\" width=\"653\" height=\"315\" src=\"https:\/\/associationfamiliale.fr\/afib\/wp-content\/uploads\/2022\/01\/RSAmediation.jpg\" alt=\"insertion socioprofessionnelle\" class=\"wp-image-1181\" srcset=\"https:\/\/afib-bvs.fr\/afib\/wp-content\/uploads\/2022\/01\/RSAmediation.jpg 653w, https:\/\/afib-bvs.fr\/afib\/wp-content\/uploads\/2022\/01\/RSAmediation-300x145.jpg 300w\" sizes=\"auto, (max-width: 653px) 100vw, 653px\" \/><\/a><\/figure>\n\n\n\n<p data-block-type=\"core\"><\/p>\n<\/div>\n\n\n\n<div class=\"wp-block-column is-vertically-aligned-top is-layout-flow wp-block-column-is-layout-flow\" data-block-type=\"core\">\n<h3 class=\"has-text-align-left wp-block-heading\" id=\"vers-l-insertion-sociale-et-professionnelle\">Insertion sociale et professionnelle <\/h3>\n\n\n\n<p class=\"has-text-align-left\" data-block-type=\"core\">Actions conventionn\u00e9es men\u00e9es aupr\u00e8s de publics sp\u00e9cifiques (b\u00e9n\u00e9ficiaires RSA, migrants&#8230;)<\/p>\n\n\n\n<p data-block-type=\"core\"><a href=\"https:\/\/associationfamiliale.fr\/index.php\/accompagnement-rsa-mediation\/\">En savoir +<\/a><\/p>\n\n\n\n<p data-block-type=\"core\"> <span style=\"color: #f1f1f4;\" class=\"stk-highlight\">Le d\u00e9tail&#8230;<\/span> <\/p>\n<\/div>\n<\/div>\n<\/div>\n\n\n\n<div class=\"wp-block-group alignwide is-layout-constrained wp-block-group-is-layout-constrained\" data-block-type=\"core\">\n<div class=\"wp-block-columns alignwide is-layout-flex wp-container-core-columns-is-layout-28f84493 wp-block-columns-is-layout-flex\" data-block-type=\"core\">\n<div class=\"wp-block-column is-layout-flow wp-block-column-is-layout-flow\" data-block-type=\"core\">\n<h3 class=\"has-text-align-left wp-block-heading\" id=\"vie-citoyenne\">Vie citoyenne <\/h3>\n\n\n\n<p class=\"has-text-align-left\" data-block-type=\"core\">Nous sommes membres et acteurs des conseils citoyens dans les quartiers de Beauvais<\/p>\n\n\n\n<p data-block-type=\"core\"><a href=\"https:\/\/associationfamiliale.fr\/index.php\/vie-citoyenne\/\">En savoir +<\/a><\/p>\n\n\n\n<p data-block-type=\"core\"><span style=\"color: #f1f1f4;\" class=\"stk-highlight\">Le d\u00e9tail&#8230;<\/span><\/p>\n<\/div>\n\n\n\n<div class=\"wp-block-column is-vertically-aligned-top is-layout-flow wp-block-column-is-layout-flow\" data-block-type=\"core\">\n<figure class=\"wp-block-image alignfull size-large\" data-block-type=\"core\"><a href=\"https:\/\/associationfamiliale.fr\/index.php\/vie-citoyenne\/\"><img loading=\"lazy\" decoding=\"async\" width=\"1024\" height=\"768\" src=\"https:\/\/associationfamiliale.fr\/afib\/wp-content\/uploads\/2022\/02\/FeteArgentine-1024x768.jpg\" alt=\"stand quartier Argentine\" class=\"wp-image-1332\" srcset=\"https:\/\/afib-bvs.fr\/afib\/wp-content\/uploads\/2022\/02\/FeteArgentine-1024x768.jpg 1024w, https:\/\/afib-bvs.fr\/afib\/wp-content\/uploads\/2022\/02\/FeteArgentine-300x225.jpg 300w, https:\/\/afib-bvs.fr\/afib\/wp-content\/uploads\/2022\/02\/FeteArgentine-768x576.jpg 768w, https:\/\/afib-bvs.fr\/afib\/wp-content\/uploads\/2022\/02\/FeteArgentine-1536x1152.jpg 1536w, https:\/\/afib-bvs.fr\/afib\/wp-content\/uploads\/2022\/02\/FeteArgentine-2048x1536.jpg 2048w\" sizes=\"auto, (max-width: 1024px) 100vw, 1024px\" \/><\/a><\/figure>\n<\/div>\n\n\n\n<div class=\"wp-block-column is-layout-flow wp-block-column-is-layout-flow\" data-block-type=\"core\">\n<figure class=\"wp-block-image size-large\" data-block-type=\"core\"><a href=\"https:\/\/associationfamiliale.fr\/index.php\/afibus\/\"><img loading=\"lazy\" decoding=\"async\" width=\"1024\" height=\"766\" src=\"https:\/\/associationfamiliale.fr\/afib\/wp-content\/uploads\/2023\/01\/afibus6-1024x766.jpg\" alt=\"\" class=\"wp-image-1808\" srcset=\"https:\/\/afib-bvs.fr\/afib\/wp-content\/uploads\/2023\/01\/afibus6-1024x766.jpg 1024w, https:\/\/afib-bvs.fr\/afib\/wp-content\/uploads\/2023\/01\/afibus6-300x224.jpg 300w, https:\/\/afib-bvs.fr\/afib\/wp-content\/uploads\/2023\/01\/afibus6-768x575.jpg 768w, https:\/\/afib-bvs.fr\/afib\/wp-content\/uploads\/2023\/01\/afibus6-1536x1149.jpg 1536w, https:\/\/afib-bvs.fr\/afib\/wp-content\/uploads\/2023\/01\/afibus6.jpg 2048w\" sizes=\"auto, (max-width: 1024px) 100vw, 1024px\" \/><\/a><\/figure>\n<\/div>\n\n\n\n<div class=\"wp-block-column is-vertically-aligned-center is-layout-flow wp-block-column-is-layout-flow\" data-block-type=\"core\">\n<h4 class=\"has-text-align-center wp-block-heading\">AFIBUS<span style=\"color: #f1f1f4;\" class=\"stk-highlight\">Le <\/span><\/h4>\n\n\n\n<p data-block-type=\"core\">est un moyen d\u2019aller au contact des populations et de proposer nos services \u00e0 l\u2019ext\u00e9rieur de Beauvais.<\/p>\n\n\n\n<p data-block-type=\"core\"><a href=\"https:\/\/associationfamiliale.fr\/index.php\/afibus\/\/\">En savoir +<\/a><\/p>\n\n\n\n<p class=\"has-text-align-center\" data-block-type=\"core\"><span style=\"color: #f1f1f4;\" class=\"stk-highlight\">d\u00e9tail&#8230;<\/span> <\/p>\n<\/div>\n<\/div>\n<\/div>\n","protected":false},"excerpt":{"rendered":"<p>Fran\u00e7ais Alphab\u00e9tisation, remise \u00e0 niveau, Fran\u00e7ais langue \u00e9trang\u00e8re (FLE). En savoir + Services aux familles D\u00e9couvrez nos nombreux services et activit\u00e9s qui facilitent la vie courante et favorisent le lien social. En savoir + Le d\u00e9tail&#8230; Usage du num\u00e9rique Formation aux bases du num\u00e9rique et accompagnement aux d\u00e9marches en ligne. En savoir + Le d\u00e9tail&#8230; [&hellip;]<\/p>\n","protected":false},"author":1,"featured_media":0,"parent":0,"menu_order":0,"comment_status":"closed","ping_status":"closed","template":"","meta":{"footnotes":""},"class_list":["post-978","page","type-page","status-publish","hentry"],"blocksy_meta":{"styles_descriptor":{"styles":{"desktop":"","tablet":"","mobile":""},"google_fonts":[],"version":6}},"featured_image_urls_v2":{"full":"","thumbnail":"","medium":"","medium_large":"","large":"","1536x1536":"","2048x2048":""},"post_excerpt_stackable_v2":"<p>Nos activit\u00e9s et actions Fran\u00e7ais Alphab\u00e9tisation, remise \u00e0 niveau, Fran\u00e7ais langue \u00e9trang\u00e8re (FLE). En savoir + Services aux familles D\u00e9couvrez nos nombreux services et activit\u00e9s qui facilitent la vie courante et favorisent le lien social. En savoir + Le d\u00e9tail&#8230; Usage du num\u00e9rique Formation aux bases du num\u00e9rique et accompagnement aux d\u00e9marches en ligne. En savoir + Le d\u00e9tail&#8230; Insertion sociale et professionnelle Actions conventionn\u00e9es men\u00e9es aupr\u00e8s de publics sp\u00e9cifiques (b\u00e9n\u00e9ficiaires RSA, migrants&#8230;) En savoir + Le d\u00e9tail&#8230; Vie citoyenne Nous sommes membres et acteurs des conseils citoyens dans les quartiers de Beauvais En savoir + Le d\u00e9tail&#8230; AFIBUSLe est\u2026<\/p>\n","category_list_v2":"","author_info_v2":{"name":"admafib","url":"https:\/\/afib-bvs.fr\/index.php\/author\/admafib\/"},"comments_num_v2":"0 commentaire","yoast_head":"<!-- This site is optimized with the Yoast SEO plugin v27.5 - https:\/\/yoast.com\/product\/yoast-seo-wordpress\/ -->\n<title>AFIB - Association Familiale Intercommunale de Beauvais - Activit\u00e9s<\/title>\n<meta name=\"description\" content=\"Le nombre de nos activit\u00e9s et la perm\u00e9abilit\u00e9 entre nos services permet d\u2019assurer un accompagnement global des familles et des personnes.\" \/>\n<meta name=\"robots\" content=\"index, follow, max-snippet:-1, max-image-preview:large, max-video-preview:-1\" \/>\n<link rel=\"canonical\" href=\"https:\/\/afib-bvs.fr\/index.php\/activites\/\" \/>\n<meta property=\"og:locale\" content=\"fr_FR\" \/>\n<meta property=\"og:type\" content=\"article\" \/>\n<meta property=\"og:title\" content=\"AFIB - Association Familiale Intercommunale de Beauvais - Activit\u00e9s\" \/>\n<meta property=\"og:description\" content=\"Le nombre de nos activit\u00e9s et la perm\u00e9abilit\u00e9 entre nos services permet d\u2019assurer un accompagnement global des familles et des personnes.\" \/>\n<meta property=\"og:url\" content=\"https:\/\/afib-bvs.fr\/index.php\/activites\/\" \/>\n<meta property=\"og:site_name\" content=\"AFIB - Association Familiale Intercommunale de Beauvais\" \/>\n<meta property=\"article:publisher\" content=\"https:\/\/www.facebook.com\/afibeauvais60\" \/>\n<meta property=\"article:modified_time\" content=\"2023-01-24T08:49:22+00:00\" \/>\n<meta property=\"og:image\" content=\"https:\/\/associationfamiliale.fr\/afib\/wp-content\/uploads\/2022\/03\/braderie-scaled.jpg\" \/>\n<meta name=\"twitter:card\" content=\"summary_large_image\" \/>\n<meta name=\"twitter:label1\" content=\"Dur\u00e9e de lecture estim\u00e9e\" \/>\n\t<meta name=\"twitter:data1\" content=\"2 minutes\" \/>\n<script type=\"application\/ld+json\" class=\"yoast-schema-graph\">{\"@context\":\"https:\\\/\\\/schema.org\",\"@graph\":[{\"@type\":\"WebPage\",\"@id\":\"https:\\\/\\\/afib-bvs.fr\\\/index.php\\\/activites\\\/\",\"url\":\"https:\\\/\\\/afib-bvs.fr\\\/index.php\\\/activites\\\/\",\"name\":\"AFIB - Association Familiale Intercommunale de Beauvais - Activit\u00e9s\",\"isPartOf\":{\"@id\":\"https:\\\/\\\/afib-bvs.fr\\\/#website\"},\"primaryImageOfPage\":{\"@id\":\"https:\\\/\\\/afib-bvs.fr\\\/index.php\\\/activites\\\/#primaryimage\"},\"image\":{\"@id\":\"https:\\\/\\\/afib-bvs.fr\\\/index.php\\\/activites\\\/#primaryimage\"},\"thumbnailUrl\":\"https:\\\/\\\/associationfamiliale.fr\\\/afib\\\/wp-content\\\/uploads\\\/2022\\\/03\\\/braderie-scaled.jpg\",\"datePublished\":\"2022-01-09T16:50:58+00:00\",\"dateModified\":\"2023-01-24T08:49:22+00:00\",\"description\":\"Le nombre de nos activit\u00e9s et la perm\u00e9abilit\u00e9 entre nos services permet d\u2019assurer un accompagnement global des familles et des personnes.\",\"breadcrumb\":{\"@id\":\"https:\\\/\\\/afib-bvs.fr\\\/index.php\\\/activites\\\/#breadcrumb\"},\"inLanguage\":\"fr-FR\",\"potentialAction\":[{\"@type\":\"ReadAction\",\"target\":[\"https:\\\/\\\/afib-bvs.fr\\\/index.php\\\/activites\\\/\"]}]},{\"@type\":\"ImageObject\",\"inLanguage\":\"fr-FR\",\"@id\":\"https:\\\/\\\/afib-bvs.fr\\\/index.php\\\/activites\\\/#primaryimage\",\"url\":\"https:\\\/\\\/associationfamiliale.fr\\\/afib\\\/wp-content\\\/uploads\\\/2022\\\/03\\\/braderie-scaled.jpg\",\"contentUrl\":\"https:\\\/\\\/associationfamiliale.fr\\\/afib\\\/wp-content\\\/uploads\\\/2022\\\/03\\\/braderie-scaled.jpg\"},{\"@type\":\"BreadcrumbList\",\"@id\":\"https:\\\/\\\/afib-bvs.fr\\\/index.php\\\/activites\\\/#breadcrumb\",\"itemListElement\":[{\"@type\":\"ListItem\",\"position\":1,\"name\":\"Accueil\",\"item\":\"https:\\\/\\\/afib-bvs.fr\\\/\"},{\"@type\":\"ListItem\",\"position\":2,\"name\":\"Activit\u00e9s\"}]},{\"@type\":\"WebSite\",\"@id\":\"https:\\\/\\\/afib-bvs.fr\\\/#website\",\"url\":\"https:\\\/\\\/afib-bvs.fr\\\/\",\"name\":\"AFIB - Association Familiale Intercommunale de Beauvais\",\"description\":\"&quot;Au service des familles&quot;\",\"publisher\":{\"@id\":\"https:\\\/\\\/afib-bvs.fr\\\/#organization\"},\"potentialAction\":[{\"@type\":\"SearchAction\",\"target\":{\"@type\":\"EntryPoint\",\"urlTemplate\":\"https:\\\/\\\/afib-bvs.fr\\\/?s={search_term_string}\"},\"query-input\":{\"@type\":\"PropertyValueSpecification\",\"valueRequired\":true,\"valueName\":\"search_term_string\"}}],\"inLanguage\":\"fr-FR\"},{\"@type\":\"Organization\",\"@id\":\"https:\\\/\\\/afib-bvs.fr\\\/#organization\",\"name\":\"AFIB - Association Familiale Intercommunale de Beauvais\",\"url\":\"https:\\\/\\\/afib-bvs.fr\\\/\",\"logo\":{\"@type\":\"ImageObject\",\"inLanguage\":\"fr-FR\",\"@id\":\"https:\\\/\\\/afib-bvs.fr\\\/#\\\/schema\\\/logo\\\/image\\\/\",\"url\":\"https:\\\/\\\/afib-bvs.fr\\\/afib\\\/wp-content\\\/uploads\\\/2022\\\/12\\\/LOGO-AFIB_min2.jpg\",\"contentUrl\":\"https:\\\/\\\/afib-bvs.fr\\\/afib\\\/wp-content\\\/uploads\\\/2022\\\/12\\\/LOGO-AFIB_min2.jpg\",\"width\":810,\"height\":1299,\"caption\":\"AFIB - Association Familiale Intercommunale de Beauvais\"},\"image\":{\"@id\":\"https:\\\/\\\/afib-bvs.fr\\\/#\\\/schema\\\/logo\\\/image\\\/\"},\"sameAs\":[\"https:\\\/\\\/www.facebook.com\\\/afibeauvais60\"]}]}<\/script>\n<!-- \/ Yoast SEO plugin. -->","yoast_head_json":{"title":"AFIB - Association Familiale Intercommunale de Beauvais - Activit\u00e9s","description":"Le nombre de nos activit\u00e9s et la perm\u00e9abilit\u00e9 entre nos services permet d\u2019assurer un accompagnement global des familles et des personnes.","robots":{"index":"index","follow":"follow","max-snippet":"max-snippet:-1","max-image-preview":"max-image-preview:large","max-video-preview":"max-video-preview:-1"},"canonical":"https:\/\/afib-bvs.fr\/index.php\/activites\/","og_locale":"fr_FR","og_type":"article","og_title":"AFIB - Association Familiale Intercommunale de Beauvais - Activit\u00e9s","og_description":"Le nombre de nos activit\u00e9s et la perm\u00e9abilit\u00e9 entre nos services permet d\u2019assurer un accompagnement global des familles et des personnes.","og_url":"https:\/\/afib-bvs.fr\/index.php\/activites\/","og_site_name":"AFIB - Association Familiale Intercommunale de Beauvais","article_publisher":"https:\/\/www.facebook.com\/afibeauvais60","article_modified_time":"2023-01-24T08:49:22+00:00","og_image":[{"url":"https:\/\/associationfamiliale.fr\/afib\/wp-content\/uploads\/2022\/03\/braderie-scaled.jpg","type":"","width":"","height":""}],"twitter_card":"summary_large_image","twitter_misc":{"Dur\u00e9e de lecture estim\u00e9e":"2 minutes"},"schema":{"@context":"https:\/\/schema.org","@graph":[{"@type":"WebPage","@id":"https:\/\/afib-bvs.fr\/index.php\/activites\/","url":"https:\/\/afib-bvs.fr\/index.php\/activites\/","name":"AFIB - Association Familiale Intercommunale de Beauvais - Activit\u00e9s","isPartOf":{"@id":"https:\/\/afib-bvs.fr\/#website"},"primaryImageOfPage":{"@id":"https:\/\/afib-bvs.fr\/index.php\/activites\/#primaryimage"},"image":{"@id":"https:\/\/afib-bvs.fr\/index.php\/activites\/#primaryimage"},"thumbnailUrl":"https:\/\/associationfamiliale.fr\/afib\/wp-content\/uploads\/2022\/03\/braderie-scaled.jpg","datePublished":"2022-01-09T16:50:58+00:00","dateModified":"2023-01-24T08:49:22+00:00","description":"Le nombre de nos activit\u00e9s et la perm\u00e9abilit\u00e9 entre nos services permet d\u2019assurer un accompagnement global des familles et des personnes.","breadcrumb":{"@id":"https:\/\/afib-bvs.fr\/index.php\/activites\/#breadcrumb"},"inLanguage":"fr-FR","potentialAction":[{"@type":"ReadAction","target":["https:\/\/afib-bvs.fr\/index.php\/activites\/"]}]},{"@type":"ImageObject","inLanguage":"fr-FR","@id":"https:\/\/afib-bvs.fr\/index.php\/activites\/#primaryimage","url":"https:\/\/associationfamiliale.fr\/afib\/wp-content\/uploads\/2022\/03\/braderie-scaled.jpg","contentUrl":"https:\/\/associationfamiliale.fr\/afib\/wp-content\/uploads\/2022\/03\/braderie-scaled.jpg"},{"@type":"BreadcrumbList","@id":"https:\/\/afib-bvs.fr\/index.php\/activites\/#breadcrumb","itemListElement":[{"@type":"ListItem","position":1,"name":"Accueil","item":"https:\/\/afib-bvs.fr\/"},{"@type":"ListItem","position":2,"name":"Activit\u00e9s"}]},{"@type":"WebSite","@id":"https:\/\/afib-bvs.fr\/#website","url":"https:\/\/afib-bvs.fr\/","name":"AFIB - Association Familiale Intercommunale de Beauvais","description":"&quot;Au service des familles&quot;","publisher":{"@id":"https:\/\/afib-bvs.fr\/#organization"},"potentialAction":[{"@type":"SearchAction","target":{"@type":"EntryPoint","urlTemplate":"https:\/\/afib-bvs.fr\/?s={search_term_string}"},"query-input":{"@type":"PropertyValueSpecification","valueRequired":true,"valueName":"search_term_string"}}],"inLanguage":"fr-FR"},{"@type":"Organization","@id":"https:\/\/afib-bvs.fr\/#organization","name":"AFIB - Association Familiale Intercommunale de Beauvais","url":"https:\/\/afib-bvs.fr\/","logo":{"@type":"ImageObject","inLanguage":"fr-FR","@id":"https:\/\/afib-bvs.fr\/#\/schema\/logo\/image\/","url":"https:\/\/afib-bvs.fr\/afib\/wp-content\/uploads\/2022\/12\/LOGO-AFIB_min2.jpg","contentUrl":"https:\/\/afib-bvs.fr\/afib\/wp-content\/uploads\/2022\/12\/LOGO-AFIB_min2.jpg","width":810,"height":1299,"caption":"AFIB - Association Familiale Intercommunale de Beauvais"},"image":{"@id":"https:\/\/afib-bvs.fr\/#\/schema\/logo\/image\/"},"sameAs":["https:\/\/www.facebook.com\/afibeauvais60"]}]}},"_links":{"self":[{"href":"https:\/\/afib-bvs.fr\/index.php\/wp-json\/wp\/v2\/pages\/978","targetHints":{"allow":["GET"]}}],"collection":[{"href":"https:\/\/afib-bvs.fr\/index.php\/wp-json\/wp\/v2\/pages"}],"about":[{"href":"https:\/\/afib-bvs.fr\/index.php\/wp-json\/wp\/v2\/types\/page"}],"author":[{"embeddable":true,"href":"https:\/\/afib-bvs.fr\/index.php\/wp-json\/wp\/v2\/users\/1"}],"replies":[{"embeddable":true,"href":"https:\/\/afib-bvs.fr\/index.php\/wp-json\/wp\/v2\/comments?post=978"}],"version-history":[{"count":29,"href":"https:\/\/afib-bvs.fr\/index.php\/wp-json\/wp\/v2\/pages\/978\/revisions"}],"predecessor-version":[{"id":1809,"href":"https:\/\/afib-bvs.fr\/index.php\/wp-json\/wp\/v2\/pages\/978\/revisions\/1809"}],"wp:attachment":[{"href":"https:\/\/afib-bvs.fr\/index.php\/wp-json\/wp\/v2\/media?parent=978"}],"curies":[{"name":"wp","href":"https:\/\/api.w.org\/{rel}","templated":true}]}}