{"id":997,"date":"2022-01-10T20:10:24","date_gmt":"2022-01-10T19:10:24","guid":{"rendered":"https:\/\/associationfamiliale.fr\/afib\/?page_id=997"},"modified":"2022-04-18T09:25:32","modified_gmt":"2022-04-18T07:25:32","slug":"formation","status":"publish","type":"page","link":"https:\/\/afib-bvs.fr\/index.php\/formation\/","title":{"rendered":"Fran\u00e7ais"},"content":{"rendered":"\n<div class=\"wp-block-cover aligncenter is-light\" data-block-type=\"core\"><span aria-hidden=\"true\" class=\"has-background-dim-0 wp-block-cover__gradient-background has-background-dim\"><\/span><img loading=\"lazy\" decoding=\"async\" width=\"1646\" height=\"1026\" class=\"wp-block-cover__image-background wp-image-1158\" alt=\"banni\u00e8re cours de fran\u00e7ais\" src=\"https:\/\/associationfamiliale.fr\/afib\/wp-content\/uploads\/2022\/01\/formation1.jpg\" style=\"object-position:60% 42%\" data-object-fit=\"cover\" data-object-position=\"60% 42%\" srcset=\"https:\/\/afib-bvs.fr\/afib\/wp-content\/uploads\/2022\/01\/formation1.jpg 1646w, https:\/\/afib-bvs.fr\/afib\/wp-content\/uploads\/2022\/01\/formation1-300x187.jpg 300w, https:\/\/afib-bvs.fr\/afib\/wp-content\/uploads\/2022\/01\/formation1-1024x638.jpg 1024w, https:\/\/afib-bvs.fr\/afib\/wp-content\/uploads\/2022\/01\/formation1-768x479.jpg 768w, https:\/\/afib-bvs.fr\/afib\/wp-content\/uploads\/2022\/01\/formation1-1536x957.jpg 1536w\" sizes=\"auto, (max-width: 1646px) 100vw, 1646px\" \/><div class=\"wp-block-cover__inner-container is-layout-flow wp-block-cover-is-layout-flow\">\n<h1 class=\"alignfull has-text-align-left wp-block-heading\" id=\"formation-en-langue\"><strong><span style=\"color: #faf7f7;\" class=\"stk-highlight\">Fran\u00e7ais<\/span><\/strong><\/h1>\n<\/div><\/div>\n\n\n\n<h4 class=\"wp-block-heading\" id=\"l-afib-assure-des-cours-de-francais-a-plusieurs-niveaux-de-cours-collectifs-a-individuels-en-passant-par-ceux-qui-entre-dans-le-cadre-de-la-formation-professionnelle-elle-propose-aussi-des-cours-de-conversation-anglaise\">L&rsquo;AFIB propose des cours de fran\u00e7ais de plusieurs niveaux, collectifs ou individuels pouvant relever de la formation professionnelle. <br><\/h4>\n\n\n\n<p data-block-type=\"core\"><\/p>\n\n\n\n<h3 class=\"wp-block-heading\" id=\"nos-formations-de-francais-sont-referencees\">Nos formations de fran\u00e7ais sont r\u00e9f\u00e9renc\u00e9es :<\/h3>\n\n\n\n<div class=\"wp-block-stackable-columns stk-block-columns stk-block stk-ca9ea71\" data-block-id=\"ca9ea71\"><div class=\"stk-row stk-inner-blocks stk-block-content stk-content-align stk-ca9ea71-column\">\n<div class=\"wp-block-stackable-column stk-block-column stk-column stk-block stk-eb305d5\" data-block-id=\"eb305d5\"><div class=\"stk-column-wrapper stk-block-column__content stk-container stk-eb305d5-container stk--no-background stk--no-padding\"><div class=\"stk-block-content stk-inner-blocks\">\n<figure class=\"wp-block-image size-full is-resized\" data-block-type=\"core\"><a href=\"https:\/\/www.data-dock.fr\/?q=node\/154\"><img loading=\"lazy\" decoding=\"async\" src=\"https:\/\/associationfamiliale.fr\/afib\/wp-content\/uploads\/2022\/01\/image.png\" alt=\"logo datdock\u00e9\" class=\"wp-image-999\" width=\"101\" height=\"118\" srcset=\"https:\/\/afib-bvs.fr\/afib\/wp-content\/uploads\/2022\/01\/image.png 323w, https:\/\/afib-bvs.fr\/afib\/wp-content\/uploads\/2022\/01\/image-257x300.png 257w\" sizes=\"auto, (max-width: 101px) 100vw, 101px\" \/><\/a><\/figure>\n<\/div><\/div><\/div>\n\n\n\n<div class=\"wp-block-stackable-column stk-block-column stk-column stk-block stk-3cafdb0\" data-block-id=\"3cafdb0\"><div class=\"stk-column-wrapper stk-block-column__content stk-container stk-3cafdb0-container stk--no-background stk--no-padding\"><div class=\"stk-block-content stk-inner-blocks\">\n<figure class=\"wp-block-image size-full is-resized\" data-block-type=\"core\"><a href=\"https:\/\/www.c2rp.fr\/\"><img loading=\"lazy\" decoding=\"async\" src=\"https:\/\/associationfamiliale.fr\/afib\/wp-content\/uploads\/2022\/01\/image-1.png\" alt=\"logo c2rp\" class=\"wp-image-1000\" width=\"142\" height=\"69\" srcset=\"https:\/\/afib-bvs.fr\/afib\/wp-content\/uploads\/2022\/01\/image-1.png 873w, https:\/\/afib-bvs.fr\/afib\/wp-content\/uploads\/2022\/01\/image-1-300x147.png 300w, https:\/\/afib-bvs.fr\/afib\/wp-content\/uploads\/2022\/01\/image-1-768x377.png 768w\" sizes=\"auto, (max-width: 142px) 100vw, 142px\" \/><\/a><\/figure>\n\n\n\n<p data-block-type=\"core\"><\/p>\n<\/div><\/div><\/div>\n<\/div><\/div>\n\n\n\n<p data-block-type=\"core\">L&rsquo;AFIB propose 3 niveaux de cours de fran\u00e7ais pour les publics adultes ou jeunes (\u00e0 partir de 16 ans) d\u00e9butants \u00e0 l&rsquo;oral ou \u00e0 l&rsquo;\u00e9crit ou souhaitant am\u00e9liorer leurs comp\u00e9tences.<\/p>\n\n\n\n<p data-block-type=\"core\">Par modules de 3 mois, cours assur\u00e9s du lundi au vendredi, hors vacances scolaires, planning de 2 \u00e0 8 heures par semaine en fonction du niveau.<\/p>\n\n\n\n<div class=\"wp-block-image\" data-block-type=\"core\"><figure class=\"alignright size-full\"><img loading=\"lazy\" decoding=\"async\" width=\"474\" height=\"295\" src=\"http:\/\/associationfamiliale.fr\/afib\/wp-content\/uploads\/2022\/01\/francaisMusique.jpg\" alt=\"apprendre le fran\u00e7ais par le chant\" class=\"wp-image-1008\" srcset=\"https:\/\/afib-bvs.fr\/afib\/wp-content\/uploads\/2022\/01\/francaisMusique.jpg 474w, https:\/\/afib-bvs.fr\/afib\/wp-content\/uploads\/2022\/01\/francaisMusique-300x187.jpg 300w\" sizes=\"auto, (max-width: 474px) 100vw, 474px\" \/><figcaption>Apprendre le fran\u00e7ais par la chanson<\/figcaption><\/figure><\/div>\n\n\n\n<p data-block-type=\"core\">Test d&rsquo;\u00e9valuation du niveau r\u00e9alis\u00e9 en d\u00e9but de formation.<br>Pr\u00e9paration aux dipl\u00f4mes europ\u00e9ens.<\/p>\n\n\n\n<p data-block-type=\"core\"><strong>&#8211; Alphab\u00e9tisation\/Alpha FLE<\/strong><\/p>\n\n\n\n<p data-block-type=\"core\">Apprendre \u00e0 lire et \u00e0 \u00e9crire, apprendre les bases pour communiquer en fran\u00e7ais.<\/p>\n\n\n\n<p data-block-type=\"core\"><em>Pr\u00e9requis :&nbsp;Aucun<\/em><\/p>\n\n\n\n<p data-block-type=\"core\"><strong>&#8211; Fran\u00e7ais Langue \u00c9trang\u00e8re :<\/strong><\/p>\n\n\n\n<p data-block-type=\"core\">Apprendre les bases de la langue fran\u00e7aise \u00e0 l&rsquo;\u00e9crit et \u00e0 l&rsquo;oral ou am\u00e9liorer sa pratique.<\/p>\n\n\n\n<p data-block-type=\"core\"><em>Pr\u00e9requis :<\/em>&nbsp; Savoir lire et \u00e9crire dans sa langue d&rsquo;origine.<\/p>\n\n\n\n<p data-block-type=\"core\"><strong>&#8211; Remise \u00e0 niveau en fran\u00e7ais et savoirs de base :<\/strong><\/p>\n\n\n\n<p data-block-type=\"core\">Pour les personnes qui souhaitent rem\u00e9dier \u00e0 leurs difficult\u00e9s en lecture\/\u00e9criture et savoirs de base (rep\u00e9rage dans l&rsquo;espace, dans le temps&#8230;).<\/p>\n\n\n\n<p data-block-type=\"core\"><em>Pr\u00e9requis :<\/em>&nbsp;Avoir \u00e9t\u00e9 scolaris\u00e9 en France.&nbsp;<\/p>\n\n\n\n<p data-block-type=\"core\">&#8211; <strong>Possibilit\u00e9 de formation individuelle sur mesure :<\/strong><\/p>\n\n\n\n<p data-block-type=\"core\">Dur\u00e9e, objectifs et contenu de formation \u00e0 d\u00e9finir en fonction des comp\u00e9tences de l&rsquo;apprenant et de ses besoins.<\/p>\n\n\n\n<p data-block-type=\"core\">Les cours sont anim\u00e9s par une \u00e9quipe de formateurs b\u00e9n\u00e9voles et salari\u00e9s sous la conduite d&rsquo;une coordinatrice linguistique qui d\u00e9finit les objectifs de formation, assure le positionnement et le suivi de formation des apprenants.<\/p>\n\n\n\n<h5 class=\"wp-block-heading\" id=\"formation-sur-mesure-dans-le-cadre-de-la-formation-professionnelle-continue-nous-contacter\">Formation sur mesure dans le cadre de la formation professionnelle continue : <a href=\"https:\/\/associationfamiliale.fr\/index.php\/contact\/\">nous contacter<\/a>.<\/h5>\n\n\n\n<div style=\"height:73px\" aria-hidden=\"true\" class=\"wp-block-spacer\" data-block-type=\"core\"><\/div>\n","protected":false},"excerpt":{"rendered":"<p>L&rsquo;AFIB propose des cours de fran\u00e7ais de plusieurs niveaux, collectifs ou individuels pouvant relever de la formation professionnelle. Nos formations de fran\u00e7ais sont r\u00e9f\u00e9renc\u00e9es : L&rsquo;AFIB propose 3 niveaux de cours de fran\u00e7ais pour les publics adultes ou jeunes (\u00e0 partir de 16 ans) d\u00e9butants \u00e0 l&rsquo;oral ou \u00e0 l&rsquo;\u00e9crit ou souhaitant am\u00e9liorer leurs comp\u00e9tences. [&hellip;]<\/p>\n","protected":false},"author":1,"featured_media":0,"parent":0,"menu_order":0,"comment_status":"closed","ping_status":"closed","template":"","meta":{"footnotes":""},"class_list":["post-997","page","type-page","status-publish","hentry"],"blocksy_meta":{"styles_descriptor":{"styles":{"desktop":"","tablet":"","mobile":""},"google_fonts":[],"version":6}},"featured_image_urls_v2":{"full":"","thumbnail":"","medium":"","medium_large":"","large":"","1536x1536":"","2048x2048":""},"post_excerpt_stackable_v2":"<p>Fran\u00e7ais L&rsquo;AFIB propose des cours de fran\u00e7ais de plusieurs niveaux, collectifs ou individuels pouvant relever de la formation professionnelle. Nos formations de fran\u00e7ais sont r\u00e9f\u00e9renc\u00e9es : L&rsquo;AFIB propose 3 niveaux de cours de fran\u00e7ais pour les publics adultes ou jeunes (\u00e0 partir de 16 ans) d\u00e9butants \u00e0 l&rsquo;oral ou \u00e0 l&rsquo;\u00e9crit ou souhaitant am\u00e9liorer leurs comp\u00e9tences. Par modules de 3 mois, cours assur\u00e9s du lundi au vendredi, hors vacances scolaires, planning de 2 \u00e0 8 heures par semaine en fonction du niveau. Apprendre le fran\u00e7ais par la chanson Test d&rsquo;\u00e9valuation du niveau r\u00e9alis\u00e9 en d\u00e9but de formation.Pr\u00e9paration aux dipl\u00f4mes europ\u00e9ens.\u2026<\/p>\n","category_list_v2":"","author_info_v2":{"name":"admafib","url":"https:\/\/afib-bvs.fr\/index.php\/author\/admafib\/"},"comments_num_v2":"0 commentaire","yoast_head":"<!-- This site is optimized with the Yoast SEO plugin v27.5 - https:\/\/yoast.com\/product\/yoast-seo-wordpress\/ -->\n<title>AFIB - Association Familiale Intercommunale de Beauvais - Fran\u00e7ais<\/title>\n<meta name=\"description\" content=\"L\u2019AFIB fid\u00e8le \u00e0 ses valeurs familiales de citoyennet\u00e9 et de la\u00efcit\u00e9, propose des services dans un cadre familial.\" \/>\n<meta name=\"robots\" content=\"index, follow, max-snippet:-1, max-image-preview:large, max-video-preview:-1\" \/>\n<link rel=\"canonical\" href=\"https:\/\/afib-bvs.fr\/index.php\/formation\/\" \/>\n<meta property=\"og:locale\" content=\"fr_FR\" \/>\n<meta property=\"og:type\" content=\"article\" \/>\n<meta property=\"og:title\" content=\"AFIB - Association Familiale Intercommunale de Beauvais - Fran\u00e7ais\" \/>\n<meta property=\"og:description\" content=\"L\u2019AFIB fid\u00e8le \u00e0 ses valeurs familiales de citoyennet\u00e9 et de la\u00efcit\u00e9, propose des services dans un cadre familial.\" \/>\n<meta property=\"og:url\" content=\"https:\/\/afib-bvs.fr\/index.php\/formation\/\" \/>\n<meta property=\"og:site_name\" content=\"AFIB - Association Familiale Intercommunale de Beauvais\" \/>\n<meta property=\"article:publisher\" content=\"https:\/\/www.facebook.com\/afibeauvais60\" \/>\n<meta property=\"article:modified_time\" content=\"2022-04-18T07:25:32+00:00\" \/>\n<meta property=\"og:image\" content=\"https:\/\/associationfamiliale.fr\/afib\/wp-content\/uploads\/2022\/01\/formation1.jpg\" \/>\n<meta name=\"twitter:card\" content=\"summary_large_image\" \/>\n<meta name=\"twitter:label1\" content=\"Dur\u00e9e de lecture estim\u00e9e\" \/>\n\t<meta name=\"twitter:data1\" content=\"3 minutes\" \/>\n<script type=\"application\/ld+json\" class=\"yoast-schema-graph\">{\"@context\":\"https:\\\/\\\/schema.org\",\"@graph\":[{\"@type\":\"WebPage\",\"@id\":\"https:\\\/\\\/afib-bvs.fr\\\/index.php\\\/formation\\\/\",\"url\":\"https:\\\/\\\/afib-bvs.fr\\\/index.php\\\/formation\\\/\",\"name\":\"AFIB - Association Familiale Intercommunale de Beauvais - Fran\u00e7ais\",\"isPartOf\":{\"@id\":\"https:\\\/\\\/afib-bvs.fr\\\/#website\"},\"primaryImageOfPage\":{\"@id\":\"https:\\\/\\\/afib-bvs.fr\\\/index.php\\\/formation\\\/#primaryimage\"},\"image\":{\"@id\":\"https:\\\/\\\/afib-bvs.fr\\\/index.php\\\/formation\\\/#primaryimage\"},\"thumbnailUrl\":\"https:\\\/\\\/associationfamiliale.fr\\\/afib\\\/wp-content\\\/uploads\\\/2022\\\/01\\\/formation1.jpg\",\"datePublished\":\"2022-01-10T19:10:24+00:00\",\"dateModified\":\"2022-04-18T07:25:32+00:00\",\"description\":\"L\u2019AFIB fid\u00e8le \u00e0 ses valeurs familiales de citoyennet\u00e9 et de la\u00efcit\u00e9, propose des services dans un cadre familial.\",\"breadcrumb\":{\"@id\":\"https:\\\/\\\/afib-bvs.fr\\\/index.php\\\/formation\\\/#breadcrumb\"},\"inLanguage\":\"fr-FR\",\"potentialAction\":[{\"@type\":\"ReadAction\",\"target\":[\"https:\\\/\\\/afib-bvs.fr\\\/index.php\\\/formation\\\/\"]}]},{\"@type\":\"ImageObject\",\"inLanguage\":\"fr-FR\",\"@id\":\"https:\\\/\\\/afib-bvs.fr\\\/index.php\\\/formation\\\/#primaryimage\",\"url\":\"https:\\\/\\\/associationfamiliale.fr\\\/afib\\\/wp-content\\\/uploads\\\/2022\\\/01\\\/formation1.jpg\",\"contentUrl\":\"https:\\\/\\\/associationfamiliale.fr\\\/afib\\\/wp-content\\\/uploads\\\/2022\\\/01\\\/formation1.jpg\"},{\"@type\":\"BreadcrumbList\",\"@id\":\"https:\\\/\\\/afib-bvs.fr\\\/index.php\\\/formation\\\/#breadcrumb\",\"itemListElement\":[{\"@type\":\"ListItem\",\"position\":1,\"name\":\"Accueil\",\"item\":\"https:\\\/\\\/afib-bvs.fr\\\/\"},{\"@type\":\"ListItem\",\"position\":2,\"name\":\"Fran\u00e7ais\"}]},{\"@type\":\"WebSite\",\"@id\":\"https:\\\/\\\/afib-bvs.fr\\\/#website\",\"url\":\"https:\\\/\\\/afib-bvs.fr\\\/\",\"name\":\"AFIB - Association Familiale Intercommunale de Beauvais\",\"description\":\"&quot;Au service des familles&quot;\",\"publisher\":{\"@id\":\"https:\\\/\\\/afib-bvs.fr\\\/#organization\"},\"potentialAction\":[{\"@type\":\"SearchAction\",\"target\":{\"@type\":\"EntryPoint\",\"urlTemplate\":\"https:\\\/\\\/afib-bvs.fr\\\/?s={search_term_string}\"},\"query-input\":{\"@type\":\"PropertyValueSpecification\",\"valueRequired\":true,\"valueName\":\"search_term_string\"}}],\"inLanguage\":\"fr-FR\"},{\"@type\":\"Organization\",\"@id\":\"https:\\\/\\\/afib-bvs.fr\\\/#organization\",\"name\":\"AFIB - Association Familiale Intercommunale de Beauvais\",\"url\":\"https:\\\/\\\/afib-bvs.fr\\\/\",\"logo\":{\"@type\":\"ImageObject\",\"inLanguage\":\"fr-FR\",\"@id\":\"https:\\\/\\\/afib-bvs.fr\\\/#\\\/schema\\\/logo\\\/image\\\/\",\"url\":\"https:\\\/\\\/afib-bvs.fr\\\/afib\\\/wp-content\\\/uploads\\\/2022\\\/12\\\/LOGO-AFIB_min2.jpg\",\"contentUrl\":\"https:\\\/\\\/afib-bvs.fr\\\/afib\\\/wp-content\\\/uploads\\\/2022\\\/12\\\/LOGO-AFIB_min2.jpg\",\"width\":810,\"height\":1299,\"caption\":\"AFIB - Association Familiale Intercommunale de Beauvais\"},\"image\":{\"@id\":\"https:\\\/\\\/afib-bvs.fr\\\/#\\\/schema\\\/logo\\\/image\\\/\"},\"sameAs\":[\"https:\\\/\\\/www.facebook.com\\\/afibeauvais60\"]}]}<\/script>\n<!-- \/ Yoast SEO plugin. -->","yoast_head_json":{"title":"AFIB - Association Familiale Intercommunale de Beauvais - Fran\u00e7ais","description":"L\u2019AFIB fid\u00e8le \u00e0 ses valeurs familiales de citoyennet\u00e9 et de la\u00efcit\u00e9, propose des services dans un cadre familial.","robots":{"index":"index","follow":"follow","max-snippet":"max-snippet:-1","max-image-preview":"max-image-preview:large","max-video-preview":"max-video-preview:-1"},"canonical":"https:\/\/afib-bvs.fr\/index.php\/formation\/","og_locale":"fr_FR","og_type":"article","og_title":"AFIB - Association Familiale Intercommunale de Beauvais - Fran\u00e7ais","og_description":"L\u2019AFIB fid\u00e8le \u00e0 ses valeurs familiales de citoyennet\u00e9 et de la\u00efcit\u00e9, propose des services dans un cadre familial.","og_url":"https:\/\/afib-bvs.fr\/index.php\/formation\/","og_site_name":"AFIB - Association Familiale Intercommunale de Beauvais","article_publisher":"https:\/\/www.facebook.com\/afibeauvais60","article_modified_time":"2022-04-18T07:25:32+00:00","og_image":[{"url":"https:\/\/associationfamiliale.fr\/afib\/wp-content\/uploads\/2022\/01\/formation1.jpg","type":"","width":"","height":""}],"twitter_card":"summary_large_image","twitter_misc":{"Dur\u00e9e de lecture estim\u00e9e":"3 minutes"},"schema":{"@context":"https:\/\/schema.org","@graph":[{"@type":"WebPage","@id":"https:\/\/afib-bvs.fr\/index.php\/formation\/","url":"https:\/\/afib-bvs.fr\/index.php\/formation\/","name":"AFIB - Association Familiale Intercommunale de Beauvais - Fran\u00e7ais","isPartOf":{"@id":"https:\/\/afib-bvs.fr\/#website"},"primaryImageOfPage":{"@id":"https:\/\/afib-bvs.fr\/index.php\/formation\/#primaryimage"},"image":{"@id":"https:\/\/afib-bvs.fr\/index.php\/formation\/#primaryimage"},"thumbnailUrl":"https:\/\/associationfamiliale.fr\/afib\/wp-content\/uploads\/2022\/01\/formation1.jpg","datePublished":"2022-01-10T19:10:24+00:00","dateModified":"2022-04-18T07:25:32+00:00","description":"L\u2019AFIB fid\u00e8le \u00e0 ses valeurs familiales de citoyennet\u00e9 et de la\u00efcit\u00e9, propose des services dans un cadre familial.","breadcrumb":{"@id":"https:\/\/afib-bvs.fr\/index.php\/formation\/#breadcrumb"},"inLanguage":"fr-FR","potentialAction":[{"@type":"ReadAction","target":["https:\/\/afib-bvs.fr\/index.php\/formation\/"]}]},{"@type":"ImageObject","inLanguage":"fr-FR","@id":"https:\/\/afib-bvs.fr\/index.php\/formation\/#primaryimage","url":"https:\/\/associationfamiliale.fr\/afib\/wp-content\/uploads\/2022\/01\/formation1.jpg","contentUrl":"https:\/\/associationfamiliale.fr\/afib\/wp-content\/uploads\/2022\/01\/formation1.jpg"},{"@type":"BreadcrumbList","@id":"https:\/\/afib-bvs.fr\/index.php\/formation\/#breadcrumb","itemListElement":[{"@type":"ListItem","position":1,"name":"Accueil","item":"https:\/\/afib-bvs.fr\/"},{"@type":"ListItem","position":2,"name":"Fran\u00e7ais"}]},{"@type":"WebSite","@id":"https:\/\/afib-bvs.fr\/#website","url":"https:\/\/afib-bvs.fr\/","name":"AFIB - Association Familiale Intercommunale de Beauvais","description":"&quot;Au service des familles&quot;","publisher":{"@id":"https:\/\/afib-bvs.fr\/#organization"},"potentialAction":[{"@type":"SearchAction","target":{"@type":"EntryPoint","urlTemplate":"https:\/\/afib-bvs.fr\/?s={search_term_string}"},"query-input":{"@type":"PropertyValueSpecification","valueRequired":true,"valueName":"search_term_string"}}],"inLanguage":"fr-FR"},{"@type":"Organization","@id":"https:\/\/afib-bvs.fr\/#organization","name":"AFIB - Association Familiale Intercommunale de Beauvais","url":"https:\/\/afib-bvs.fr\/","logo":{"@type":"ImageObject","inLanguage":"fr-FR","@id":"https:\/\/afib-bvs.fr\/#\/schema\/logo\/image\/","url":"https:\/\/afib-bvs.fr\/afib\/wp-content\/uploads\/2022\/12\/LOGO-AFIB_min2.jpg","contentUrl":"https:\/\/afib-bvs.fr\/afib\/wp-content\/uploads\/2022\/12\/LOGO-AFIB_min2.jpg","width":810,"height":1299,"caption":"AFIB - Association Familiale Intercommunale de Beauvais"},"image":{"@id":"https:\/\/afib-bvs.fr\/#\/schema\/logo\/image\/"},"sameAs":["https:\/\/www.facebook.com\/afibeauvais60"]}]}},"_links":{"self":[{"href":"https:\/\/afib-bvs.fr\/index.php\/wp-json\/wp\/v2\/pages\/997","targetHints":{"allow":["GET"]}}],"collection":[{"href":"https:\/\/afib-bvs.fr\/index.php\/wp-json\/wp\/v2\/pages"}],"about":[{"href":"https:\/\/afib-bvs.fr\/index.php\/wp-json\/wp\/v2\/types\/page"}],"author":[{"embeddable":true,"href":"https:\/\/afib-bvs.fr\/index.php\/wp-json\/wp\/v2\/users\/1"}],"replies":[{"embeddable":true,"href":"https:\/\/afib-bvs.fr\/index.php\/wp-json\/wp\/v2\/comments?post=997"}],"version-history":[{"count":14,"href":"https:\/\/afib-bvs.fr\/index.php\/wp-json\/wp\/v2\/pages\/997\/revisions"}],"predecessor-version":[{"id":1718,"href":"https:\/\/afib-bvs.fr\/index.php\/wp-json\/wp\/v2\/pages\/997\/revisions\/1718"}],"wp:attachment":[{"href":"https:\/\/afib-bvs.fr\/index.php\/wp-json\/wp\/v2\/media?parent=997"}],"curies":[{"name":"wp","href":"https:\/\/api.w.org\/{rel}","templated":true}]}}